{"id":3526,"date":"2021-10-14T17:02:48","date_gmt":"2021-10-14T15:02:48","guid":{"rendered":"http:\/\/latelierdelabarbastelle.fr\/?page_id=3526"},"modified":"2022-05-12T18:51:39","modified_gmt":"2022-05-12T16:51:39","slug":"latelier","status":"publish","type":"page","link":"http:\/\/latelierdelabarbastelle.fr\/index.php\/latelier\/","title":{"rendered":"L&rsquo;atelier"},"content":{"rendered":"[vc_row center_bck_image=\u00a0\u00bbno\u00a0\u00bb][vc_column css_animation=\u00a0\u00bbfadeIn\u00a0\u00bb][vc_column_text]L&rsquo;atelier de la barbastelle, cr\u00e9\u00e9 en Juillet 2020 dans le Jura est un atelier de potier artisanal fabriquant des pi\u00e8ces utilitaires et d\u00e9coratives en gr\u00e8s \u00e9maill\u00e9.<\/p>\n<p>Le besoin de \u00ab\u00a0faire\u00a0\u00bb, d&rsquo;ind\u00e9pendance et de changer de m\u00e9tier a guid\u00e9 la cr\u00e9ation de l&rsquo;atelier.<\/p>\n<p>Vous vous demandez s\u00fbrement pourquoi la barbastelle et qu&rsquo;es aco ? C&rsquo;est une chauve-souris foresti\u00e8re qui g\u00eete dans les arbres ou derri\u00e8re les volets &#8211; un tropisme pour la nature et les animaux r\u00e9sultant du pr\u00e9c\u00e9dent m\u00e9tier du potier.[\/vc_column_text][\/vc_column][\/vc_row][vc_row center_bck_image=\u00a0\u00bbno\u00a0\u00bb][vc_column][vc_empty_space height=\u00a0\u00bb60px\u00a0\u00bb][\/vc_column][\/vc_row][vc_row center_bck_image=\u00a0\u00bbno\u00a0\u00bb][vc_column css_animation=\u00a0\u00bbfadeIn\u00a0\u00bb width=\u00a0\u00bb1\/2&Prime;][vc_column_text]\n<h2>LES TECHNIQUES<\/h2>\n<p>Un grand nombre de techniques existe et permet l&rsquo;expression de toutes les sensibilit\u00e9s en poterie.<\/p>\n<p>Les terres nombreuses et de rendus diff\u00e9rents, les techniques de fa\u00e7onnage et de d\u00e9coration multiples ainsi que les types de cuisson diversifient les possibilit\u00e9s \u00e0 l&rsquo;infini.[\/vc_column_text][\/vc_column][vc_column width=\u00a0\u00bb1\/2&Prime;][vc_empty_space][vc_single_image image=\u00a0\u00bb11151&Prime; img_size=\u00a0\u00bblarge\u00a0\u00bb style=\u00a0\u00bbvc_box_shadow\u00a0\u00bb onclick=\u00a0\u00bbcustom_link\u00a0\u00bb link=\u00a0\u00bbhttp:\/\/latelierdelabarbastelle.fr\/index.php\/latelier\/les-techniques\/\u00a0\u00bb][\/vc_column][\/vc_row][vc_row center_bck_image=\u00a0\u00bbno\u00a0\u00bb][vc_column][vc_empty_space height=\u00a0\u00bb60px\u00a0\u00bb][\/vc_column][\/vc_row][vc_row center_bck_image=\u00a0\u00bbno\u00a0\u00bb][vc_column css_animation=\u00a0\u00bbfadeIn\u00a0\u00bb width=\u00a0\u00bb1\/2&Prime;][vc_empty_space][vc_single_image image=\u00a0\u00bb11085&Prime; img_size=\u00a0\u00bblarge\u00a0\u00bb onclick=\u00a0\u00bbcustom_link\u00a0\u00bb link=\u00a0\u00bbhttp:\/\/latelierdelabarbastelle.fr\/index.php\/latelier\/le-potier\/\u00a0\u00bb][\/vc_column][vc_column width=\u00a0\u00bb1\/2&Prime;][vc_column_text]\n<h2>LE POTIER<\/h2>\n<p>Il est jeune, chevelu et du sud de la France, mais il est potier dans le Jura&#8230; Quel parcours, quelle volont\u00e9 l&rsquo;ont men\u00e9 jusqu&rsquo;ici ?<\/p>\n<p>Myst\u00e8re&#8230;[\/vc_column_text][\/vc_column][\/vc_row]\n","protected":false},"excerpt":{"rendered":"<p>[vc_row center_bck_image=\u00a0\u00bbno\u00a0\u00bb][vc_column css_animation=\u00a0\u00bbfadeIn\u00a0\u00bb][vc_column_text]L&rsquo;atelier de la barbastelle, cr\u00e9\u00e9 en Juillet 2020 dans le Jura est un atelier de potier artisanal fabriquant des pi\u00e8ces utilitaires et d\u00e9coratives en gr\u00e8s \u00e9maill\u00e9. Le besoin de \u00ab\u00a0faire\u00a0\u00bb, d&rsquo;ind\u00e9pendance et de changer de m\u00e9tier a guid\u00e9 la cr\u00e9ation de l&rsquo;atelier. Vous&#8230;<\/p>\n","protected":false},"author":1,"featured_media":0,"parent":0,"menu_order":0,"comment_status":"closed","ping_status":"closed","template":"","meta":{"footnotes":""},"class_list":["post-3526","page","type-page","status-publish","hentry"],"_links":{"self":[{"href":"http:\/\/latelierdelabarbastelle.fr\/index.php\/wp-json\/wp\/v2\/pages\/3526","targetHints":{"allow":["GET"]}}],"collection":[{"href":"http:\/\/latelierdelabarbastelle.fr\/index.php\/wp-json\/wp\/v2\/pages"}],"about":[{"href":"http:\/\/latelierdelabarbastelle.fr\/index.php\/wp-json\/wp\/v2\/types\/page"}],"author":[{"embeddable":true,"href":"http:\/\/latelierdelabarbastelle.fr\/index.php\/wp-json\/wp\/v2\/users\/1"}],"replies":[{"embeddable":true,"href":"http:\/\/latelierdelabarbastelle.fr\/index.php\/wp-json\/wp\/v2\/comments?post=3526"}],"version-history":[{"count":45,"href":"http:\/\/latelierdelabarbastelle.fr\/index.php\/wp-json\/wp\/v2\/pages\/3526\/revisions"}],"predecessor-version":[{"id":11316,"href":"http:\/\/latelierdelabarbastelle.fr\/index.php\/wp-json\/wp\/v2\/pages\/3526\/revisions\/11316"}],"wp:attachment":[{"href":"http:\/\/latelierdelabarbastelle.fr\/index.php\/wp-json\/wp\/v2\/media?parent=3526"}],"curies":[{"name":"wp","href":"https:\/\/api.w.org\/{rel}","templated":true}]}}